{"id":18283,"date":"2021-10-20T16:44:37","date_gmt":"2021-10-20T14:44:37","guid":{"rendered":"https:\/\/www.iaraosta.it\/home-page\/"},"modified":"2023-10-11T11:03:02","modified_gmt":"2023-10-11T09:03:02","slug":"home-page","status":"publish","type":"page","link":"https:\/\/www.iaraosta.it\/en\/","title":{"rendered":"Home page"},"content":{"rendered":"<div class=\"wpb-content-wrapper\"><p>[vc_section full_width=&#8221;stretch_row_content&#8221;][vc_row full_width=&#8221;stretch_row_content_no_spaces&#8221; css=&#8221;.vc_custom_1634811305105{margin-bottom: 0px !important;background-position: 0 0 !important;background-repeat: no-repeat !important;}&#8221;][vc_column css=&#8221;.vc_custom_1519310031136{padding-left: 0px !important;}&#8221;][vc_column_text]\n\t\t\t\t<p class=\"rs-p-wp-fix\"><\/p>\n\t\t\t\t<sr7-module data-alias=\"home-1\" data-id=\"5\" id=\"SR7_5_1\" data-version=\"6.7.51\">\n\t\t\t\t\t<sr7-adjuster><\/sr7-adjuster>\n\t\t\t\t\t<sr7-content>\n\t\t\t\t\t\t<sr7-slide id=\"SR7_5_1-2\" data-key=\"2\">\n\t\t\t\t\t\t<\/sr7-slide>\n\t\t\t\t\t<\/sr7-content>\n\t\t\t\t<\/sr7-module>\n\t\t\t\t<script>\n\t\t\t\t\twindow.SR7 ??={};SR7.PMH ??={}; SR7.PMH[\"SR7_5_1\"] = {cn:100,state:false,fn: function() { if (window._tpt!==undefined && window._tpt.prepareModuleHeight !== undefined) {  _tpt.prepareModuleHeight({id:\"SR7_5_1\",el:[550,550,760,720],type:'standard',shdw:'0',gh:[550,550,760,720],gw:[1300,1300,778,480],vpt:['-200px'],size:{fullWidth:true, fullHeight:false},mh:'0',onh:0,onw:0,bg:{color:'#060617'},plType:'-1',plColor:'#FFFFFF'});   SR7.PMH[\"SR7_5_1\"].state=true;} else if(SR7.PMH[\"SR7_5_1\"].cn-->0)\tsetTimeout( SR7.PMH[\"SR7_5_1\"].fn,19);}};SR7.PMH[\"SR7_5_1\" ].fn();\n\t\t\t\t<\/script>\n[\/vc_column_text][\/vc_column][\/vc_row][\/vc_section][vc_section full_width=&#8221;stretch_row&#8221; css=&#8221;.vc_custom_1634740324880{margin-top: 0px !important;padding-top: 4% !important;padding-bottom: 8% !important;background-color: #00843d !important;}&#8221;][vc_row css=&#8221;.vc_custom_1634750729172{padding-right: 6% !important;padding-left: 6% !important;}&#8221;][vc_column width=&#8221;1\/3&#8243; offset=&#8221;vc_col-lg-4&#8243;][vc_column_text el_class=&#8221;textWhite textBig&#8221; el_id=&#8221;institut-agricole&#8221;]<\/p>\n<h1>Institut Agricole R\u00e9gional<\/h1>\n<p>[\/vc_column_text][\/vc_column][vc_column width=&#8221;1\/3&#8243; offset=&#8221;vc_col-lg-4&#8243;][vc_column_text el_class=&#8221;textWhite&#8221;]For years a reference point for agricultural production in Aosta Valley, the Institut Agricole R\u00e9gional is a private-law foundation which carries out not only vocational education and training in the agricultural field, but also research and experimentation in the agronomical, economic, fruit, wine, zoo-technical and dairy sectors, paying particular attention to sustainability and environmental protection.[\/vc_column_text][\/vc_column][vc_column width=&#8221;1\/3&#8243;][vc_column_text el_class=&#8221;textWhite&#8221;]<strong><em>Our history&#8230;<\/em><\/strong><\/p>\n<p><em><strong>The Institut Agricole R\u00e9gional\u2019s deep roots date back to 1951, when the then Regional Council decided to entrust the task of founding and managing the \u00c9cole Pratique d\u2019Agriculture to the Congregation of the Great Saint Bernard Canons.<\/strong><\/em>[\/vc_column_text][vc_empty_space]<a  href=\"https:\/\/www.iaraosta.it\/en\/chi-siamo\/\"  target=\"_self\"  title=\"\" class=\"tt_button  btn_secondary_color hover_outline_secondary pull-left  \" ><span class=\"prim_text\">Read more...<\/span><span class=\" iconita\"><\/span><\/a>[\/vc_column][\/vc_row][\/vc_section][vc_row full_width=&#8221;stretch_row_content&#8221; css=&#8221;.vc_custom_1634750936419{margin-top: -5% !important;margin-bottom: 0px !important;padding-right: 6% !important;padding-left: 6% !important;}&#8221;][vc_column][vc_row_inner gap=&#8221;10&#8243; css=&#8221;.vc_custom_1633439864670{padding-right: 0px !important;padding-bottom: 20px !important;padding-left: 0px !important;}&#8221;][vc_column_inner el_class=&#8221;box-title&#8221; width=&#8221;1\/3&#8243;]<div class=\"cb-container   kd-animated fadeInUp\" style=\"background-color: #fff;\" ><a href=\"https:\/\/www.iaraosta.it\/en\/scuola-e-collegio\/\" target=\"_blank\" title=\"Scuola e collegio\"><div class=\"cb-img-area\"><div class=\"cb-customimg\"><img loading=\"lazy\" decoding=\"async\" width=\"90\" height=\"65\" src=\"https:\/\/www.iaraosta.it\/wp-content\/uploads\/2022\/03\/town-city-2-4-e1647879151937.png\" class=\"attachment-full\" alt=\"\" title=\"town-city (2) (4)\" \/><\/div><\/div><div class=\"cb-text-area\">\n                    <h4 class=\"cb-heading \" style=\"color: #000000;\">The school and the boarding school<\/h4><p >Learn more about the school complex and our educational programs<\/p><\/div><\/a><\/div>[\/vc_column_inner][vc_column_inner el_class=&#8221;box-title&#8221; width=&#8221;1\/3&#8243; css=&#8221;.vc_custom_1642414024105{padding-right: 0px !important;padding-left: 0px !important;}&#8221;]<div class=\"cb-container   kd-animated fadeInUp\" style=\"background-color: #fff;\" data-animation-delay=200><a href=\"https:\/\/www.iaraosta.it\/en\/unita-di-ricerca\/\" target=\"_blank\" title=\"Unit\u00e0 di Ricerca\"><div class=\"cb-img-area\"><div class=\"cb-customimg\"><img loading=\"lazy\" decoding=\"async\" width=\"60\" height=\"65\" src=\"https:\/\/www.iaraosta.it\/wp-content\/uploads\/2022\/03\/microscope-2-2.png\" class=\"attachment-full\" alt=\"\" title=\"microscope (2) (2)\" \/><\/div><\/div><div class=\"cb-text-area\">\n                    <h4 class=\"cb-heading \" style=\"color: #000000;\">The research and experimentation centre<\/h4><p >Learn more about the activities conducted by IAR\u2019s Research Units<\/p><\/div><\/a><\/div>[\/vc_column_inner][vc_column_inner el_class=&#8221;box-title&#8221; width=&#8221;1\/3&#8243;]<div class=\"cb-container   kd-animated fadeInUp\" style=\"background-color: #fff;\" data-animation-delay=400><a href=\"https:\/\/www.iaraosta.it\/en\/formazione-professionale\/\" target=\"\" title=\"Formazione professionale\"><div class=\"cb-img-area\"><div class=\"cb-customimg\"><img loading=\"lazy\" decoding=\"async\" width=\"87\" height=\"64\" src=\"https:\/\/www.iaraosta.it\/wp-content\/uploads\/2022\/02\/conference-education-1.png\" class=\"attachment-full\" alt=\"\" title=\"conference-education (1)\" \/><\/div><\/div><div class=\"cb-text-area\">\n                    <h4 class=\"cb-heading \" style=\"color: #000000;\">Vocational training<\/h4><p >Learn more about our training courses in the agricultural and agro-environmental field<\/p><\/div><\/a><\/div>[\/vc_column_inner][\/vc_row_inner][\/vc_column][\/vc_row][vc_section full_width=&#8221;stretch_row&#8221; css=&#8221;.vc_custom_1637051636726{padding-bottom: 4% !important;}&#8221; el_id=&#8221;ricerca&#8221;][vc_row gap=&#8221;10&#8243; equal_height=&#8221;yes&#8221; content_placement=&#8221;top&#8221; css=&#8221;.vc_custom_1634806013525{padding-right: 6% !important;padding-left: 6% !important;}&#8221;][vc_column css=&#8221;.vc_custom_1642694297937{padding-bottom: 4% !important;background-color: #ffffff !important;}&#8221; offset=&#8221;vc_col-lg-9&#8243; el_class=&#8221;ricerca-box&#8221;][vc_column_text el_class=&#8221;ricerca-title&#8221;]<\/p>\n<h2 style=\"text-align: center;\">Research Units<\/h2>\n<p>[\/vc_column_text][vc_separator color=&#8221;purple&#8221; border_width=&#8221;3&#8243; el_width=&#8221;40&#8243; el_class=&#8221;hide-mobile&#8221;][vc_empty_space el_class=&#8221;hide-mobile&#8221;][vc_row_inner equal_height=&#8221;yes&#8221; content_placement=&#8221;middle&#8221;][vc_column_inner offset=&#8221;vc_col-lg-6&#8243;][vc_column_text el_class=&#8221;textRight&#8221;]Technical innovation and experimentation are key and distinguishing elements to the research activities of the Institute, whose characterising feature is the conduction of applied research studies and projects; a type of research aimed at being as close as possible to the implementation of its results.<\/p>\n<p>Each Simple Research Unit\u2019s goal is to meet practical demands in the most effective way, proposing innovative technical solutions but, at the same time, paying attention to promoting the strong bond with the local territory that is the main feature of agriculture and the agri-food sector in Aosta Valley.[\/vc_column_text][\/vc_column_inner][vc_column_inner offset=&#8221;vc_col-lg-6 vc_col-md-6&#8243;]<ul class=\"kd-icon-list  ricerca-items\" ><li class=\"kd-icon-list-item ricerca-list-item\"><div class=\"kd-icon-wrapper icon-simple\" ><i class=\"fas fa-angle-double-right\" ><\/i><\/div><span class=\"kd-list-text\" ><a href=\"https:\/\/www.iaraosta.it\/unita-di-ricerca\/agronomia\/\">Agronomy S.U.<\/a><\/li><li class=\"kd-icon-list-item ricerca-list-item\"><div class=\"kd-icon-wrapper icon-simple\" ><i class=\"fas fa-angle-double-right\" ><\/i><\/div><span class=\"kd-list-text\" ><a href=\"https:\/\/www.iaraosta.it\/unita-di-ricerca\/economia\/\">Economy S.U.<\/a><\/li><li class=\"kd-icon-list-item ricerca-list-item\"><div class=\"kd-icon-wrapper icon-simple\" ><i class=\"fas fa-angle-double-right\" ><\/i><\/div><span class=\"kd-list-text\" ><a href=\"https:\/\/www.iaraosta.it\/unita-di-ricerca\/frutticoltura\/\">Pomology S.U.<\/a><\/li><li class=\"kd-icon-list-item ricerca-list-item\"><div class=\"kd-icon-wrapper icon-simple\" ><i class=\"fas fa-angle-double-right\" ><\/i><\/div><span class=\"kd-list-text\" ><a href=\"https:\/\/www.iaraosta.it\/unita-di-ricerca\/viticoltura-enologia\/\">Viticulture-Enology S.U.<\/a><\/li><li class=\"kd-icon-list-item ricerca-list-item\"><div class=\"kd-icon-wrapper icon-simple\" ><i class=\"fas fa-angle-double-right\" ><\/i><\/div><span class=\"kd-list-text\" ><a href=\"https:\/\/www.iaraosta.it\/unita-di-ricerca\/laboratori-di-analisi\/\">Analysis Laboratories S.U.<\/a><\/li><li class=\"kd-icon-list-item ricerca-list-item\"><div class=\"kd-icon-wrapper icon-simple\" ><i class=\"fas fa-angle-double-right\" ><\/i><\/div><span class=\"kd-list-text\" ><a href=\"https:\/\/www.iaraosta.it\/unita-di-ricerca\/valorizzazione-dei-prodotti-di-origine-animale\/\">Development of Animal Products S.U.<\/a><\/li><li class=\"kd-icon-list-item ricerca-list-item\"><div class=\"kd-icon-wrapper icon-simple\" ><i class=\"fas fa-angle-double-right\" ><\/i><\/div><span class=\"kd-list-text\" ><a href=\"https:\/\/www.iaraosta.it\/unita-di-ricerca\/zootecnia\/\">Zootechnics S.U.<\/a><\/li><\/ul>[\/vc_column_inner][\/vc_row_inner][vc_empty_space][vc_column_text]<\/p>\n<h2 style=\"text-align: center;\">Production<\/h2>\n<p>[\/vc_column_text][vc_separator color=&#8221;juicy_pink&#8221; border_width=&#8221;3&#8243; el_width=&#8221;40&#8243;][vc_row_inner css=&#8221;.vc_custom_1645096068184{padding-top: 30px !important;}&#8221; el_id=&#8221;produzioni-box&#8221;][vc_column_inner][vc_column_text]<\/p>\n<p style=\"text-align: center;\">Experimentation at the Institut Agricole R\u00e9gional is also conducted through activities such as the production, conservation, transformation and sale of agricultural goods.<\/p>\n<p>[\/vc_column_text][vc_empty_space][\/vc_column_inner][\/vc_row_inner]\n            <div class=\"sliding_box_parent row kd-slidingbox-69f4c2ce6245a \"><div class=\"sliding_box_child active-elem \">\n                <div class=\"sb-image\"><img loading=\"lazy\" decoding=\"async\" width=\"1080\" height=\"1300\" src=\"https:\/\/www.iaraosta.it\/wp-content\/uploads\/2022\/01\/cantinaJosephVaudan.jpg\" class=\"attachment-full\" alt=\"\" title=\"cantinaJosephVaudan\" srcset=\"https:\/\/www.iaraosta.it\/wp-content\/uploads\/2022\/01\/cantinaJosephVaudan.jpg 1080w, https:\/\/www.iaraosta.it\/wp-content\/uploads\/2022\/01\/cantinaJosephVaudan-249x300.jpg 249w, https:\/\/www.iaraosta.it\/wp-content\/uploads\/2022\/01\/cantinaJosephVaudan-851x1024.jpg 851w, https:\/\/www.iaraosta.it\/wp-content\/uploads\/2022\/01\/cantinaJosephVaudan-768x924.jpg 768w, https:\/\/www.iaraosta.it\/wp-content\/uploads\/2022\/01\/cantinaJosephVaudan-800x963.jpg 800w\" sizes=\"auto, (max-width: 1080px) 100vw, 1080px\" \/><\/div>\n                <div class=\"sb_content_wrapper\" ><h4 >Joseph Vaudan winery<\/h4><p >Production of white, ros\u00e9 and red wines from international and local vine varieties. Experimental testing (micro-vinification).<\/p><div class=\"sb-btncontainer\">\n                          <a href=\"https:\/\/www.iaraosta.it\/la-cantina\/\"  target=\"_self\"  title=\"La cantina\" class=\"tt_button  \">read more<\/a>\n                      <\/div><\/div>\n            <\/div><div class=\"sliding_box_child  \">\n                <div class=\"sb-image\"><img loading=\"lazy\" decoding=\"async\" width=\"1080\" height=\"1300\" src=\"https:\/\/www.iaraosta.it\/wp-content\/uploads\/2022\/01\/stallaIar.jpg\" class=\"attachment-full\" alt=\"\" title=\"stallaIar\" srcset=\"https:\/\/www.iaraosta.it\/wp-content\/uploads\/2022\/01\/stallaIar.jpg 1080w, https:\/\/www.iaraosta.it\/wp-content\/uploads\/2022\/01\/stallaIar-249x300.jpg 249w, https:\/\/www.iaraosta.it\/wp-content\/uploads\/2022\/01\/stallaIar-851x1024.jpg 851w, https:\/\/www.iaraosta.it\/wp-content\/uploads\/2022\/01\/stallaIar-768x924.jpg 768w, https:\/\/www.iaraosta.it\/wp-content\/uploads\/2022\/01\/stallaIar-800x963.jpg 800w\" sizes=\"auto, (max-width: 1080px) 100vw, 1080px\" \/><\/div>\n                <div class=\"sb_content_wrapper\" ><h4 >Cattle-shed and dairy-farm<\/h4><p >Dairy, meat-based and beehive products. Experimental testing (food processing technology and beef chain).<\/p><div class=\"sb-btncontainer\">\n                          <a href=\"\/produzioni\/stalla-e-caseificio\/\"  target=\"_self\"  title=\"Stalla e caseificio\" class=\"tt_button  \">Read more<\/a>\n                      <\/div><\/div>\n            <\/div><div class=\"sliding_box_child  \">\n                <div class=\"sb-image\"><img loading=\"lazy\" decoding=\"async\" width=\"1080\" height=\"1300\" src=\"https:\/\/www.iaraosta.it\/wp-content\/uploads\/2022\/01\/ortoIar.jpg\" class=\"attachment-full\" alt=\"\" title=\"ortoIar\" srcset=\"https:\/\/www.iaraosta.it\/wp-content\/uploads\/2022\/01\/ortoIar.jpg 1080w, https:\/\/www.iaraosta.it\/wp-content\/uploads\/2022\/01\/ortoIar-249x300.jpg 249w, https:\/\/www.iaraosta.it\/wp-content\/uploads\/2022\/01\/ortoIar-851x1024.jpg 851w, https:\/\/www.iaraosta.it\/wp-content\/uploads\/2022\/01\/ortoIar-768x924.jpg 768w, https:\/\/www.iaraosta.it\/wp-content\/uploads\/2022\/01\/ortoIar-800x963.jpg 800w\" sizes=\"auto, (max-width: 1080px) 100vw, 1080px\" \/><\/div>\n                <div class=\"sb_content_wrapper\" ><h4 >Fruit and vegetable garden<\/h4><p >Fruit and vegetable production. Experimental testing (cultivation of new varieties and species, testing of new growing techniques, recovery and characterisation of local ecotypes).<\/p><div class=\"sb-btncontainer\">\n                          <a href=\"\/produzioni\/orto-e-frutteto\/\"  target=\"_self\"  title=\"Orto e frutteto\" class=\"tt_button  \">Read more<\/a>\n                      <\/div><\/div>\n            <\/div><\/div><script type=\"text\/javascript\">\n              jQuery(document).ready(function($){\n                if ($(\".sliding_box_parent.kd-slidingbox-69f4c2ce6245a\").length) {\n                  $(\".kd-slidingbox-69f4c2ce6245a .sliding_box_child\").on(\"mouseenter\", function() {\n                    $(\".kd-slidingbox-69f4c2ce6245a .sliding_box_child\").removeClass(\"active-elem\");\n                    $(this).addClass(\"active-elem\");\n                  });\n                }\n              });\n            <\/script>[\/vc_column][vc_column css=&#8221;.vc_custom_1637051712253{margin-left: 0px !important;padding-right: 0px !important;}&#8221; offset=&#8221;vc_col-lg-3&#8243; el_class=&#8221;colonnaEventi&#8221;][vc_row_inner][vc_column_inner][vc_single_image image=&#8221;13950&#8243; img_size=&#8221;full&#8221; alignment=&#8221;center&#8221; onclick=&#8221;custom_link&#8221; link=&#8221;http:\/\/www.iaraosta.it\/cinquepermilleiaraosta\/&#8221;][vc_empty_space]<a  href=\"https:\/\/www.iaraosta.it\/cinquepermilleiaraosta\/\"  target=\"_blank\"  title=\"\" class=\"tt_button  btn_secondary_color  button-center  \" ><span class=\"prim_text\">Discover five reasons to promote research<\/span><span class=\" iconita\"><\/span><\/a>[\/vc_column_inner][\/vc_row_inner][vc_empty_space][vc_row_inner css=&#8221;.vc_custom_1634805149109{background-color: #00843d !important;}&#8221;][vc_column_inner][vc_empty_space height=&#8221;45px&#8221;][vc_column_text el_class=&#8221;textWhite&#8221;]<\/p>\n<h2 style=\"text-align: center;\">News and Events<\/h2>\n<p>[\/vc_column_text][vc_column_text]      <div id=\"post-grid-lazy-8121\" class=\"post-grid-lazy\"><img decoding=\"async\" alt=\"\" src=\"\" \/><\/div>\n    <script>\n      jQuery('#post-grid-lazy-8121').ready(function($) {\n        $('#post-grid-lazy-8121').fadeOut();\n        $('#post-grid-8121   ').fadeIn();\n      })\n    <\/script>\n    <style type=\"text\/css\">\n      #post-grid-8121 {\n        display: none;\n      }\n\n      .post-grid-lazy {\n        text-align: center;\n      }\n    <\/style>\n    <div data-options='{&quot;id&quot;:&quot;8121&quot;,&quot;lazy_load&quot;:&quot;yes&quot;,&quot;masonry_enable&quot;:&quot;no&quot;,&quot;view_type&quot;:&quot;grid&quot;,&quot;no_posts_text&quot;:&quot;&quot;}' id=\"post-grid-8121\" class=\"post-grid grid\">\n        <div class=\"no-post-found\">\n        <div class=\"no-post-found\">\n    No post found  <\/div>\n    <\/div>\n      <style type=\"text\/css\">\r\n        .layout-8123 .element_1634744063431{\r\n                                                    text-align: left;\r\n                        max-width: 20%;\r\nfloat: left;                }\r\n            <\/style>\r\n            <style type=\"text\/css\">\r\n            .layout-8123 .element_1633965116800 {\r\n                width: 80%;\r\nfloat: right;\r\nmargin-bottom: 0            }\r\n\r\n                    <\/style>\r\n        <style type=\"text\/css\">\r\n        .layout-8123 .element_1634750308492 {\r\n            text-align: left;\r\n                    }\r\n\r\n        .layout-8123 .element_1634750308492 a {\r\n                    }\r\n    <\/style>\r\n    <style type=\"text\/css\">\r\n        .layout-8123 .element_1634804711714 {\r\n            font-size: 12px;\r\n            text-align: left;\r\n                    }\r\n\r\n        .layout-8123 .element_1634804711714 a {\r\n            font-size: 12px;\r\n                    }\r\n\r\n            <\/style>\r\n        <style type=\"text\/css\">\r\n            .layout-8123 .element_1633965627076 {\r\n                padding-top: 38px;\r\nwidth: 100%            }\r\n\r\n                    <\/style>\r\n        <style type=\"text\/css\">\r\n        .layout-8123 .element_1633963291745 {\r\n            font-size: 18px;\r\n            margin: 10px 0;\r\n            text-align: left;\r\n                    }\r\n\r\n        .layout-8123 .element_1633963291745 a {\r\n            font-size: 18px;\r\n            margin: 10px 0;\r\n            text-align: left;\r\n                    }\r\n    <\/style>\r\n    <style type=\"text\/css\">\r\n        .layout-8123 .element_1634804803726 {\r\n            font-size: 15px;\r\n            margin: 10px 0;\r\n            text-align: left;\r\n                    }\r\n\r\n        .layout-8123 .element_1634804803726 a {\r\n            font-size: 15px;\r\n                    }\r\n    <\/style>\r\n      <script>\n          <\/script>\n    <style type=\"text\/css\">\n    #post-grid-8121 {\n      padding: 10px;\n          }\n\n    #post-grid-8121 .item {\n      padding: 30px 20px;\n      background: #fff;\n          }\n\n    #post-grid-8121 .item .layer-media {\n      height:auto;    }\n\n    @media only screen and (min-width: 0px) and (max-width: 767px) {\n      #post-grid-8121 .grid-items {\n        display: grid;\n        grid-template-columns: 1fr ;\n        column-gap: 10px;\n        row-gap: 10px;\n              }\n\n      #post-grid-8121 .item {\n        height:auto;      }\n    }\n\n    @media only screen and (min-width: 768px) and (max-width: 1023px) {\n      #post-grid-8121 .grid-items {\n        display: grid;\n        grid-template-columns: 1fr 1fr ;\n        column-gap: 10px;\n        row-gap: 10px;\n              }\n\n      #post-grid-8121 .item {\n        max-height:auto;      }\n    }\n\n    @media only screen and (min-width: 1024px) {\n      #post-grid-8121 .grid-items {\n        display: grid;\n        grid-template-columns: 1fr ;\n        column-gap: 10px;\n        row-gap: 10px;\n              }\n\n      #post-grid-8121 .item {\n        height:auto;      }\n    }\n\n      <\/style>\n  <\/div>\n[\/vc_column_text][\/vc_column_inner][\/vc_row_inner][vc_row_inner css=&#8221;.vc_custom_1645169402375{background: #ffffff url(https:\/\/www.iaraosta.it\/wp-content\/uploads\/2022\/02\/Progetto-senza-titolo-29.png?id=10992) !important;background-position: center !important;background-repeat: no-repeat !important;background-size: cover !important;}&#8221;][vc_column_inner][vc_column_text css=&#8221;.vc_custom_1697014935263{padding-top: 30px !important;padding-bottom: 20px !important;}&#8221;]<\/p>\n<h5 style=\"text-align: center;\"><a href=\"\/news-ed-eventi\/\">Discover all of the Institut Agricole R\u00e9gional\u2019s events, news and notifications!!<\/a><\/h5>\n<p>[\/vc_column_text][\/vc_column_inner][\/vc_row_inner][\/vc_column][\/vc_row][\/vc_section][vc_section full_width=&#8221;stretch_row&#8221; css=&#8221;.vc_custom_1634809063613{padding-top: 2% !important;padding-bottom: 0% !important;background-color: #ffffff !important;}&#8221;][vc_row gap=&#8221;35&#8243; css=&#8221;.vc_custom_1633421611019{padding-right: 6% !important;padding-left: 6% !important;}&#8221;][vc_column][vc_column_text]<\/p>\n<h2 style=\"text-align: center;\">Co-financed projects<\/h2>\n<p>[\/vc_column_text][\/vc_column][\/vc_row][vc_row full_width=&#8221;stretch_row_content&#8221;][vc_column]<div class=\"slider clients opacity-effect kd-client-69f4c2ce64631 black-navigation \"><div class=\"clients-content\"><a href=\"\/feasr-fondo-europeo-agricolo-per-lo-sviluppo-rurale\/\" target=\"_blank\"><img loading=\"lazy\" decoding=\"async\" width=\"250\" height=\"250\" src=\"https:\/\/www.iaraosta.it\/wp-content\/uploads\/2021\/10\/FEASR.jpg\" class=\"attachment-full\" alt=\"\" title=\"FEASR\" srcset=\"https:\/\/www.iaraosta.it\/wp-content\/uploads\/2021\/10\/FEASR.jpg 250w, https:\/\/www.iaraosta.it\/wp-content\/uploads\/2021\/10\/FEASR-150x150.jpg 150w\" sizes=\"auto, (max-width: 250px) 100vw, 250px\" \/><\/a><\/div><div class=\"clients-content\"><a href=\"https:\/\/www.pastoralp.eu\/home\/\" target=\"_blank\"><img loading=\"lazy\" decoding=\"async\" width=\"250\" height=\"250\" src=\"https:\/\/www.iaraosta.it\/wp-content\/uploads\/2021\/10\/pastoralp.jpg\" class=\"attachment-full\" alt=\"\" title=\"pastoralp\" srcset=\"https:\/\/www.iaraosta.it\/wp-content\/uploads\/2021\/10\/pastoralp.jpg 250w, https:\/\/www.iaraosta.it\/wp-content\/uploads\/2021\/10\/pastoralp-150x150.jpg 150w\" sizes=\"auto, (max-width: 250px) 100vw, 250px\" \/><\/a><\/div><div class=\"clients-content\"><a href=\"https:\/\/www.iaraosta.it\/progetti-di-ricerca\/heart-vda\/\" target=\"_blank\"><img loading=\"lazy\" decoding=\"async\" width=\"250\" height=\"250\" src=\"https:\/\/www.iaraosta.it\/wp-content\/uploads\/2021\/10\/2_HeartVdA.jpg\" class=\"attachment-full\" alt=\"\" title=\"2_HeartVdA\" srcset=\"https:\/\/www.iaraosta.it\/wp-content\/uploads\/2021\/10\/2_HeartVdA.jpg 250w, https:\/\/www.iaraosta.it\/wp-content\/uploads\/2021\/10\/2_HeartVdA-150x150.jpg 150w\" sizes=\"auto, (max-width: 250px) 100vw, 250px\" \/><\/a><\/div><div class=\"clients-content\"><a href=\"https:\/\/www.progetti.interreg-italiasvizzera.eu\/it\/b\/78\/typicalp\" target=\"_blank\"><img loading=\"lazy\" decoding=\"async\" width=\"250\" height=\"250\" src=\"https:\/\/www.iaraosta.it\/wp-content\/uploads\/2022\/06\/1.jpg\" class=\"attachment-full\" alt=\"\" title=\"1\" srcset=\"https:\/\/www.iaraosta.it\/wp-content\/uploads\/2022\/06\/1.jpg 250w, https:\/\/www.iaraosta.it\/wp-content\/uploads\/2022\/06\/1-150x150.jpg 150w\" sizes=\"auto, (max-width: 250px) 100vw, 250px\" \/><\/a><\/div><div class=\"clients-content\"><a href=\"\/wp-content\/uploads\/2021\/10\/Cartello_Pra-da-smens_orizzontale.pdf\" target=\"_blank\"><img loading=\"lazy\" decoding=\"async\" width=\"250\" height=\"250\" src=\"https:\/\/www.iaraosta.it\/wp-content\/uploads\/2021\/10\/Pra-da-Smens_Logo.jpg\" class=\"attachment-full\" alt=\"\" title=\"Pra-da-Smens_Logo\" srcset=\"https:\/\/www.iaraosta.it\/wp-content\/uploads\/2021\/10\/Pra-da-Smens_Logo.jpg 250w, https:\/\/www.iaraosta.it\/wp-content\/uploads\/2021\/10\/Pra-da-Smens_Logo-150x150.jpg 150w\" sizes=\"auto, (max-width: 250px) 100vw, 250px\" \/><\/a><\/div><div class=\"clients-content\"><a href=\"https:\/\/www.iaraosta.it\/progetti-di-ricerca\/tour-della-strada-dei-vigneti-alpini-vi-a-tour\/\" target=\"_blank\"><img loading=\"lazy\" decoding=\"async\" width=\"1500\" height=\"392\" src=\"https:\/\/www.iaraosta.it\/wp-content\/uploads\/2023\/09\/Copia-di-Progetto-senza-titolo-1.png\" class=\"attachment-full\" alt=\"\" title=\"Copia di Progetto senza titolo (1)\" srcset=\"https:\/\/www.iaraosta.it\/wp-content\/uploads\/2023\/09\/Copia-di-Progetto-senza-titolo-1.png 1500w, https:\/\/www.iaraosta.it\/wp-content\/uploads\/2023\/09\/Copia-di-Progetto-senza-titolo-1-300x78.png 300w, https:\/\/www.iaraosta.it\/wp-content\/uploads\/2023\/09\/Copia-di-Progetto-senza-titolo-1-1024x268.png 1024w, https:\/\/www.iaraosta.it\/wp-content\/uploads\/2023\/09\/Copia-di-Progetto-senza-titolo-1-768x201.png 768w, https:\/\/www.iaraosta.it\/wp-content\/uploads\/2023\/09\/Copia-di-Progetto-senza-titolo-1-800x209.png 800w\" sizes=\"auto, (max-width: 1500px) 100vw, 1500px\" \/><\/a><\/div><div class=\"clients-content\"><a href=\"https:\/\/www.iaraosta.it\/progetti-di-ricerca\/resthalp-valorizzare-e-rafforzare-i-progetti-di-ripristino-ecologico-di-habitat-nelle-alpi\/\" target=\"_blank\"><img loading=\"lazy\" decoding=\"async\" width=\"250\" height=\"250\" src=\"https:\/\/www.iaraosta.it\/wp-content\/uploads\/2022\/06\/2.jpg\" class=\"attachment-full\" alt=\"\" title=\"2\" srcset=\"https:\/\/www.iaraosta.it\/wp-content\/uploads\/2022\/06\/2.jpg 250w, https:\/\/www.iaraosta.it\/wp-content\/uploads\/2022\/06\/2-150x150.jpg 150w\" sizes=\"auto, (max-width: 250px) 100vw, 250px\" \/><\/a><\/div><div class=\"clients-content\"><a href=\"https:\/\/www.iaraosta.it\/pitem-clip-progetto-circuito\/\" target=\"_blank\"><img loading=\"lazy\" decoding=\"async\" width=\"800\" height=\"600\" src=\"https:\/\/www.iaraosta.it\/wp-content\/uploads\/2022\/03\/LOGOCLIP-circuitoMOD.png\" class=\"attachment-full\" alt=\"\" title=\"LOGOCLIP - circuitoMOD\" srcset=\"https:\/\/www.iaraosta.it\/wp-content\/uploads\/2022\/03\/LOGOCLIP-circuitoMOD.png 800w, https:\/\/www.iaraosta.it\/wp-content\/uploads\/2022\/03\/LOGOCLIP-circuitoMOD-300x225.png 300w, https:\/\/www.iaraosta.it\/wp-content\/uploads\/2022\/03\/LOGOCLIP-circuitoMOD-768x576.png 768w\" sizes=\"auto, (max-width: 800px) 100vw, 800px\" \/><\/a><\/div><div class=\"clients-content\"><a href=\"https:\/\/www.iaraosta.it\/progetti-di-ricerca\/reservaqua\/\" target=\"_blank\"><img loading=\"lazy\" decoding=\"async\" width=\"250\" height=\"250\" src=\"https:\/\/www.iaraosta.it\/wp-content\/uploads\/2022\/03\/Progetto-senza-titolo-71.png\" class=\"attachment-full\" alt=\"\" title=\"Progetto senza titolo (71)\" srcset=\"https:\/\/www.iaraosta.it\/wp-content\/uploads\/2022\/03\/Progetto-senza-titolo-71.png 250w, https:\/\/www.iaraosta.it\/wp-content\/uploads\/2022\/03\/Progetto-senza-titolo-71-150x150.png 150w\" sizes=\"auto, (max-width: 250px) 100vw, 250px\" \/><\/a><\/div><\/div><script type=\"text\/javascript\">\n              jQuery(document).ready(function($){\n                if ($(\".slider.clients.kd-client-69f4c2ce64631\").length) {\n                  $(\".slider.clients.kd-client-69f4c2ce64631\").owlCarousel({\n                    stageClass: \"owl-wrapper\",\n                    stageOuterClass: \"owl-wrapper-outer\",\n                    loadedClass: \"owl-carousel\",\n                    responsiveClass:true,\n                    responsive:{\n                      0:{\n                          items:1,nav: true,\n                            navSpeed: 500,\n                            dots: false,},\n                      415:{\n                          items:3,nav: true,\n                            navSpeed: 500,\n                            dots: false,},\n                      960:{\n                          items:4,dots: true,\n                            nav: false,\n                            dotsSpeed: 500,\n                            dotsEach: true,}\n                    },loop: true,\n                  });\n                }\n              });\n            <\/script>[\/vc_column][\/vc_row][\/vc_section]<\/p>\n<\/div>","protected":false},"excerpt":{"rendered":"<p>[vc_section full_width=&#8221;stretch_row_content&#8221;][vc_row full_width=&#8221;stretch_row_content_no_spaces&#8221; css=&#8221;.vc_custom_1634811305105{margin-bottom: 0px !important;background-position: 0 0 !important;background-repeat: no-repeat !important;}&#8221;][vc_column css=&#8221;.vc_custom_1519310031136{padding-left: 0px !important;}&#8221;][vc_column_text][\/vc_column_text][\/vc_column][\/vc_row][\/vc_section][vc_section full_width=&#8221;stretch_row&#8221; css=&#8221;.vc_custom_1634740324880{margin-top: 0px !important;padding-top: 4% !important;padding-bottom: 8% !important;background-color: #00843d !important;}&#8221;][vc_row css=&#8221;.vc_custom_1634750729172{padding-right: 6% !important;padding-left: 6% !important;}&#8221;][vc_column width=&#8221;1\/3&#8243; offset=&#8221;vc_col-lg-4&#8243;][vc_column_text el_class=&#8221;textWhite textBig&#8221; el_id=&#8221;institut-agricole&#8221;] Institut [&hellip;]<\/p>\n","protected":false},"author":1,"featured_media":0,"parent":0,"menu_order":0,"comment_status":"closed","ping_status":"closed","template":"","meta":{"_acf_changed":false,"_seopress_robots_primary_cat":"","_seopress_titles_title":"","_seopress_titles_desc":"L\u2019Institut Agricole R\u00e9gional \u00e8 una Fondazione di diritto privato che svolge attivit\u00e0 di istruzione tecnico-professionale e di formazione professionale.","_seopress_robots_index":"","footnotes":""},"class_list":["post-18283","page","type-page","status-publish","hentry"],"acf":[],"publishpress_future_workflow_manual_trigger":{"enabledWorkflows":[]},"_links":{"self":[{"href":"https:\/\/www.iaraosta.it\/en\/wp-json\/wp\/v2\/pages\/18283","targetHints":{"allow":["GET"]}}],"collection":[{"href":"https:\/\/www.iaraosta.it\/en\/wp-json\/wp\/v2\/pages"}],"about":[{"href":"https:\/\/www.iaraosta.it\/en\/wp-json\/wp\/v2\/types\/page"}],"author":[{"embeddable":true,"href":"https:\/\/www.iaraosta.it\/en\/wp-json\/wp\/v2\/users\/1"}],"replies":[{"embeddable":true,"href":"https:\/\/www.iaraosta.it\/en\/wp-json\/wp\/v2\/comments?post=18283"}],"version-history":[{"count":24,"href":"https:\/\/www.iaraosta.it\/en\/wp-json\/wp\/v2\/pages\/18283\/revisions"}],"predecessor-version":[{"id":19046,"href":"https:\/\/www.iaraosta.it\/en\/wp-json\/wp\/v2\/pages\/18283\/revisions\/19046"}],"wp:attachment":[{"href":"https:\/\/www.iaraosta.it\/en\/wp-json\/wp\/v2\/media?parent=18283"}],"curies":[{"name":"wp","href":"https:\/\/api.w.org\/{rel}","templated":true}]}}